{"id":161,"date":"2019-02-01T12:50:09","date_gmt":"2019-02-01T12:50:09","guid":{"rendered":"http:\/\/studienstiftung-iusvivum.de\/?page_id=161"},"modified":"2023-11-03T07:48:00","modified_gmt":"2023-11-03T07:48:00","slug":"datenschutzerklaerung","status":"publish","type":"page","link":"http:\/\/studienstiftung-iusvivum.de\/?page_id=161","title":{"rendered":"Datenschutzerkl\u00e4rung"},"content":{"rendered":"\n<p><strong>Namen und Kontaktdaten des Verantwortlichen f\u00fcr die\nDatenverarbeitung<\/strong><\/p>\n\n\n\n<p>Studienstiftung ius vivum<br> Vorstand Prof. Dr. Haimo Schack<br> Poststra\u00dfe 39<br> 24241 Schierensee<br> Tel.: (0431) 880 3565<br> E-Mail: hschack@studienstiftung-iusvivum.de<\/p>\n\n\n\n<p style=\"font-size:24px\"><strong>Datenverarbeitung beim Besuch der\nInternetseite<\/strong><\/p>\n\n\n\n<p>Sie k\u00f6nnen die Webseite der Studienstiftung\ngrunds\u00e4tzlich aufrufen, ohne uns mitzuteilen, wer Sie sind. Bei jedem Aufruf\nwird aber aus technischen Gr\u00fcnden Ihre IP-Adresse verarbeitet. Nur so kann die\nWebseite Ihnen bereitgestellt werden. <\/p>\n\n\n\n<p><strong>Logfile<\/strong><\/p>\n\n\n\n<p>Dar\u00fcber hinaus werden in unserem Auftrag durch den\nHosting-Provider Informationen der Besucher \u00fcber den Aufruf und die Nutzung der\nWebseite verarbeitet (\u201eLogfile\u201c). Hierzu z\u00e4hlen etwa Angaben, wann die Webseite\nabgerufen wurde, die besuchten Zieladressen auf der Webseite und Angaben \u00fcber\ndie Art und Version des Browsers und Betriebssystems des Nutzers. Die\nIP-Adresse des Nutzers speichert unser Hosting-Provider nach dem folgenden\nSchema \u201eanon-123-456-165-41.invalid\u201c in dem Logfile. Wir verarbeiten die\nInformationen aus dem Logfile, um die Sicherheit der Webseite zu gew\u00e4hrleisten\nund f\u00fcr statistische Zwecke. Sie beruht auf den berechtigten Interessen des\nVerantwortlichen (Art. 6 Abs. 1 lit. f DSGVO). <\/p>\n\n\n\n<p><strong>Cookies<\/strong><\/p>\n\n\n\n<p>Wir verwenden auf unserer Webseite keine Cookies.<\/p>\n\n\n\n<p style=\"font-size:24px\"><strong>Datenverarbeitung im Rahmen der Stiftungsaktivit\u00e4ten <\/strong><\/p>\n\n\n\n<p><strong>Erhobene Daten<\/strong><\/p>\n\n\n\n<p>Wenn Sie \u00fcber die Webseite oder auf anderen Wegen mit\nuns in Kontakt treten verarbeiten wir gegebenenfalls folgende personenbezogene\nDaten von Ihnen:<\/p>\n\n\n\n<ul class=\"wp-block-list\">\n<li>Kontakt-, Adress- und Kontoinformationen, sofern Sie\nuns diese \u00fcbermittelt haben,<\/li>\n\n\n\n<li>den Inhalt Ihrer Korrespondenz mit uns und<\/li>\n\n\n\n<li>Ihre Bewerbungsunterlagen und Informationen \u00fcber Ihre\nF\u00f6rderung.<\/li>\n<\/ul>\n\n\n\n<p><strong>Verarbeitungszwecke<\/strong><\/p>\n\n\n\n<p>Diese Informationen verarbeiten wir f\u00fcr folgende\nZwecke:<\/p>\n\n\n\n<ul class=\"wp-block-list\">\n<li>um mit Ihnen in Kontakt zu treten,<\/li>\n\n\n\n<li>\u00fcber F\u00f6rderanfragen zu entscheiden und F\u00f6rderprogramme\ndurchzuf\u00fchren,<\/li>\n\n\n\n<li>um die Stiftungsaktivit\u00e4ten nach au\u00dfen zu\ndokumentieren,<\/li>\n\n\n\n<li>um den Stiftungszweck anderweitig zu f\u00f6rdern und\nVorgaben der Stiftungsaufsicht zu erf\u00fcllen.<\/li>\n<\/ul>\n\n\n\n<p><strong>Rechtsgrundlage der Datenverarbeitung<\/strong><\/p>\n\n\n\n<p>Die Verarbeitung Ihrer Daten geschieht auf den\nfolgenden Rechtsgrundlagen:<\/p>\n\n\n\n<ul class=\"wp-block-list\">\n<li>Ihrer Einwilligung, Art. 6 Abs. 1 lit. a DSGVO, <\/li>\n\n\n\n<li>zur Durchf\u00fchrung eines Vertrages oder vorvertraglicher\nMa\u00dfnahmen mit Ihnen, Art. 6 Abs. 1 lit. b DSGVO, <\/li>\n\n\n\n<li>zur Erf\u00fcllung gesetzlicher Pflichten, Art. 6 Abs. 1\nlit. c DSGVO, oder <\/li>\n\n\n\n<li>aus einem berechtigten Interesse, Art. 6 Abs. 1 lit. f\nDSGVO. <\/li>\n<\/ul>\n\n\n\n<p><strong>Berechtigte Interessen<\/strong><\/p>\n\n\n\n<p>Sofern wir die Verarbeitung Ihrer personenbezogenen\nDaten auf berechtigte Interessen im Sinne von Art. 6 Abs. 1 lit. f DS-GVO\nst\u00fctzen, sind <\/p>\n\n\n\n<ul class=\"wp-block-list\">\n<li>die Durchf\u00fchrung und Dokumentation der\nStiftungsaktivit\u00e4ten,<\/li>\n\n\n\n<li>die Korrespondenz mit Ihnen.<\/li>\n<\/ul>\n\n\n\n<p><strong>Datenquellen<\/strong><\/p>\n\n\n\n<p>Wir erhalten die Daten von Ihnen. Sollten wir die\npersonenbezogenen Daten nicht direkt von Ihnen erheben, so teilen wir Ihnen\nmit, aus welcher Quelle die personenbezogenen Daten stammen und gegebenenfalls,\nob sie aus \u00f6ffentlich zug\u00e4nglichen Quellen stammen.<\/p>\n\n\n\n<p><strong>Empf\u00e4nger oder Kategorien von Empf\u00e4ngern der\npersonenbezogenen Daten <\/strong><\/p>\n\n\n\n<p>Im Falle einer F\u00f6rderung kann diese Tatsache auf\nunserer Webseite ver\u00f6ffentlicht werden. F\u00fcr den Betrieb der Webseite nehmen wir\ndie Dienstleistung eines Hosting-Providers <strong>(##<\/strong>)\nin Anspruch. Dieser verarbeitet die Inhalte und Metadaten der Webseite in\nunserem Auftrag (Art. 28 DSGVO). <\/p>\n\n\n\n<p><strong>Speicherdauer<\/strong><\/p>\n\n\n\n<p>Wir speichern Ihre personenbezogenen Daten nur\nsolange, wie es f\u00fcr die Erreichung des Verarbeitungszweckes n\u00f6tig ist oder die\nSpeicherung einer gesetzlichen Aufbewahrungsfrist unterliegt. Nach Ablehnung\neines F\u00f6rderantrags l\u00f6schen wir Ihre Daten umgehend und unaufgefordert.<\/p>\n\n\n\n<p>Wir speichern Ihre Daten,<\/p>\n\n\n\n<ul class=\"wp-block-list\">\n<li>wenn Sie in die Verarbeitung eingewilligt haben,\nh\u00f6chstens solange, bis Sie Ihre Einwilligung widerrufen, <\/li>\n\n\n\n<li>soweit die Daten zur Durchf\u00fchrung eines Vertrages\nben\u00f6tigt werden, h\u00f6chstens solange, wie das Vertragsverh\u00e4ltnis mit Ihnen\nbesteht oder gesetzliche Aufbewahrungsfristen laufen,<\/li>\n\n\n\n<li>wenn wir die Daten auf der Grundlage eines\nberechtigten Interesses verwenden, h\u00f6chstens solange, wie Ihr Interesse an\neiner L\u00f6schung oder Anonymisierung nicht \u00fcberwiegt.<\/li>\n<\/ul>\n\n\n\n<p><strong>Betroffenenrechte &nbsp;<\/strong><\/p>\n\n\n\n<p>Sie haben folgende Rechte hinsichtlich der Sie\nbetreffenden personenbezogenen Daten:<\/p>\n\n\n\n<ul class=\"wp-block-list\">\n<li>Sie k\u00f6nnen unentgeltlich Auskunft \u00fcber die\nVerarbeitung Ihrer Daten verlangen gem\u00e4\u00df Art. 15 DSGVO, \u00a7 34 BDSG.<\/li>\n\n\n\n<li>Sie k\u00f6nnen die Berichtigung unrichtiger Daten verlangen,\nArt. 16 DSGVO. <\/li>\n\n\n\n<li>Sie k\u00f6nnen unter den Voraussetzungen der Art. 17 DSGVO\nund \u00a7 35 BDSG die L\u00f6schung Ihrer Daten verlangen. Dies ist etwa m\u00f6glich, wenn\nIhre Daten nicht mehr ben\u00f6tigt werden, rechtswidrig verarbeitet wurden oder Sie\nIhre Einwilligung widerrufen haben.<\/li>\n\n\n\n<li>Sie k\u00f6nnen nach Ma\u00dfgabe von Art. 18 DSGVO einschr\u00e4nken\nlassen.<\/li>\n\n\n\n<li>Sie k\u00f6nnen der Verarbeitung Ihrer Daten nach Ma\u00dfgabe\nvon Art. 21 DSGVO widersprechen. <\/li>\n\n\n\n<li>Sie k\u00f6nnen Ihre Einwilligung zur Verarbeitung Ihrer\nDaten f\u00fcr die Zukunft widerrufen, Art. 7 Abs. 3 DSGVO.<\/li>\n\n\n\n<li>Sie haben das Recht, sich bei einer Datenschutz-Aufsichtsbeh\u00f6rde\n\u00fcber die Verarbeitung Ihrer personenbezogenen Daten zu beschweren, Art. 77\nDSGVO.<\/li>\n<\/ul>\n\n\n\n<p><strong>Stand dieser Datenschutzerkl\u00e4rung<\/strong><\/p>\n\n\n\n<p>1. Februar 2019<\/p>\n\n\n\n<p>Wir behalten uns vor, diese Datenschutzerkl\u00e4rung\njederzeit mit Wirkung f\u00fcr die Zukunft zu \u00e4ndern.<\/p>\n","protected":false},"excerpt":{"rendered":"<p>Namen und Kontaktdaten des Verantwortlichen f\u00fcr die Datenverarbeitung Studienstiftung ius vivum Vorstand Prof. Dr. Haimo Schack Poststra\u00dfe 39 24241 Schierensee Tel.: (0431) 880 3565 E-Mail: hschack@studienstiftung-iusvivum.de Datenverarbeitung beim Besuch der Internetseite Sie k\u00f6nnen die Webseite der Studienstiftung grunds\u00e4tzlich aufrufen, ohne uns mitzuteilen, wer Sie sind. Bei jedem Aufruf wird aber aus technischen Gr\u00fcnden Ihre IP-Adresse &hellip; <a href=\"http:\/\/studienstiftung-iusvivum.de\/?page_id=161\" class=\"more-link\"><span class=\"screen-reader-text\">Datenschutzerkl\u00e4rung<\/span> weiterlesen<\/a><\/p>\n","protected":false},"author":1,"featured_media":0,"parent":0,"menu_order":0,"comment_status":"closed","ping_status":"closed","template":"","meta":{"footnotes":""},"class_list":["post-161","page","type-page","status-publish","hentry"],"_links":{"self":[{"href":"http:\/\/studienstiftung-iusvivum.de\/index.php?rest_route=\/wp\/v2\/pages\/161","targetHints":{"allow":["GET"]}}],"collection":[{"href":"http:\/\/studienstiftung-iusvivum.de\/index.php?rest_route=\/wp\/v2\/pages"}],"about":[{"href":"http:\/\/studienstiftung-iusvivum.de\/index.php?rest_route=\/wp\/v2\/types\/page"}],"author":[{"embeddable":true,"href":"http:\/\/studienstiftung-iusvivum.de\/index.php?rest_route=\/wp\/v2\/users\/1"}],"replies":[{"embeddable":true,"href":"http:\/\/studienstiftung-iusvivum.de\/index.php?rest_route=%2Fwp%2Fv2%2Fcomments&post=161"}],"version-history":[{"count":3,"href":"http:\/\/studienstiftung-iusvivum.de\/index.php?rest_route=\/wp\/v2\/pages\/161\/revisions"}],"predecessor-version":[{"id":241,"href":"http:\/\/studienstiftung-iusvivum.de\/index.php?rest_route=\/wp\/v2\/pages\/161\/revisions\/241"}],"wp:attachment":[{"href":"http:\/\/studienstiftung-iusvivum.de\/index.php?rest_route=%2Fwp%2Fv2%2Fmedia&parent=161"}],"curies":[{"name":"wp","href":"https:\/\/api.w.org\/{rel}","templated":true}]}}